{"id":14,"date":"2015-04-22T20:16:39","date_gmt":"2015-04-22T19:16:39","guid":{"rendered":"http:\/\/www.stjustdavray.fr\/V2\/?page_id=14"},"modified":"2025-01-04T11:49:04","modified_gmt":"2025-01-04T10:49:04","slug":"conseil-commissions","status":"publish","type":"page","link":"http:\/\/www.stjustdavray.fr\/V2\/page-d-exemple\/conseil-commissions\/","title":{"rendered":"Conseil \/ Commissions"},"content":{"rendered":"<div class=\"wp-block-image\">\n<figure class=\"aligncenter size-large is-resized\"><img decoding=\"async\" loading=\"lazy\" src=\"http:\/\/www.stjustdavray.fr\/V2\/wp-content\/uploads\/2021\/03\/TROMBI-MAIRE-ET-ADJOINTS.png\" alt=\"\" class=\"wp-image-5133\" width=\"1450\" height=\"605\" srcset=\"http:\/\/www.stjustdavray.fr\/V2\/wp-content\/uploads\/2021\/03\/TROMBI-MAIRE-ET-ADJOINTS.png 862w, http:\/\/www.stjustdavray.fr\/V2\/wp-content\/uploads\/2021\/03\/TROMBI-MAIRE-ET-ADJOINTS-300x125.png 300w, http:\/\/www.stjustdavray.fr\/V2\/wp-content\/uploads\/2021\/03\/TROMBI-MAIRE-ET-ADJOINTS-768x321.png 768w\" sizes=\"(max-width: 1450px) 100vw, 1450px\" \/><\/figure><\/div>\n\n\n<figure class=\"wp-block-image size-large is-resized\"><img decoding=\"async\" loading=\"lazy\" src=\"http:\/\/www.stjustdavray.fr\/V2\/wp-content\/uploads\/2021\/03\/TROMBI-CONSEILLERS.png\" alt=\"\" class=\"wp-image-5135\" width=\"1450\" height=\"605\" srcset=\"http:\/\/www.stjustdavray.fr\/V2\/wp-content\/uploads\/2021\/03\/TROMBI-CONSEILLERS.png 862w, http:\/\/www.stjustdavray.fr\/V2\/wp-content\/uploads\/2021\/03\/TROMBI-CONSEILLERS-300x125.png 300w, http:\/\/www.stjustdavray.fr\/V2\/wp-content\/uploads\/2021\/03\/TROMBI-CONSEILLERS-768x321.png 768w\" sizes=\"(max-width: 1450px) 100vw, 1450px\" \/><\/figure>\n\n\n<h2 style=\"text-align: center;\">\u00a0<\/h2>\n<h1 style=\"text-align: center;\"><strong>Constitution des Commissions Municipales\u00a0<\/strong><\/h1>\n<p>Madame le maire Christine GALILEI est membre de droit de toutes les commissions.<\/p>\n<p><strong>B\u00c2TIMENT\u00a0\u00a0\u00a0\u00a0\u00a0\u00a0\u00a0\u00a0\u00a0\u00a0\u00a0 <\/strong><\/p>\n<p style=\"text-align: left;\">R\u00e9f\u00e9rent\u00a0: St\u00e9phane CORGIER<\/p>\n<p style=\"text-align: left;\">Membres : R. LERISSEL, J-Michel GARNIER, S. VIGNON, J-Fran\u00e7ois LACROIX<\/p>\n<h5 style=\"text-align: left;\">\u00a0<\/h5>\n<p><strong>FINANCES<\/strong><\/p>\n<p>R\u00e9f\u00e9rent\u00a0: Marc DUCROS<\/p>\n<p>Membres : R. MAYNARD, J-Michel GARNIER, J-Fran\u00e7ois LACROIX<\/p>\n<p>\u00a0<\/p>\n<p><strong>VOIRIE<\/strong><\/p>\n<p>R\u00e9f\u00e9rent\u00a0: Ren\u00e9 SALEMBIER<\/p>\n<p>Membres\u00a0: J-Marc DURDILLY, S. VIGNON,<\/p>\n<p>I.TICHIT-WUCHER<\/p>\n<p>\u00a0<\/p>\n<p><strong>BOIS<\/strong><\/p>\n<p>R\u00e9f\u00e9rent\u00a0: Ren\u00e9 SALEMBIER<\/p>\n<p>Membres\u00a0: I. TICHIT-WUCHER,<\/p>\n<p>J-Fran\u00e7ois LACROIX, S. CORGIER,\u00a0 M. DUCROS<\/p>\n<p>\u00a0<\/p>\n<p><strong>VIE ASSOCIATIVE<\/strong><\/p>\n<p>R\u00e9f\u00e9rent\u00a0: Yohel MOREAU<\/p>\n<p>Membres\u00a0: G. LOYEZ, R. MAYNARD<\/p>\n<p>Biblioth\u00e8que &#8211; R\u00e9f\u00e9rente :\u00a0<\/p>\n<p>\u00a0<\/p>\n<p><strong>URBANISME<\/strong><\/p>\n<p>R\u00e9f\u00e9rent\u00a0: Ren\u00e9 SALEMBIER<\/p>\n<p>Membres\u00a0: R. LERISSEL, R. MAYNARD,M. DUCROS<\/p>\n<p>\u00a0<\/p>\n<p><strong>INFORMATION COMMUNICATION<\/strong><\/p>\n<p>R\u00e9f\u00e9rente\u00a0: Ga\u00eblle COUBLE<\/p>\n<p>Membres : J-Marc DURDILLY, R. MAYNARD, S. MAGNARD<\/p>\n<p>\u00a0<\/p>\n<p><strong>AFFAIRES SOCIALES<\/strong><\/p>\n<p>R\u00e9f\u00e9rente\u00a0: Christine GALILEI<\/p>\n<p>Membres : S. VIGNON, S. MAGNARD, G. COUBLE, J-Marc DURDILLY<\/p>\n<p>\u00a0<\/p>\n<p><strong>VOIRIE<\/strong><\/p>\n<p>R\u00e9f\u00e9rent\u00a0: Ren\u00e9 SALEMBIER<\/p>\n<p>Membres\u00a0: J-Marc DURDILLY, S. VIGNON,<\/p>\n<p>I.TICHIT-WUCHER<\/p>\n<p>\u00a0<\/p>\n<p><strong>ACTIVITES \u00c9CONOMIQUES<\/strong><\/p>\n<p>R\u00e9f\u00e9rente :<\/p>\n<p>Membres : M. DUCROS, I. TICHIT-WUCHER, S. MAGNARD<\/p>\n<p>\u00a0<\/p>\n<p><strong>ENVIRONNEMENT<\/strong><\/p>\n<p>R\u00e9f\u00e9rent\u00a0: Yohel MOREAU<\/p>\n<p>I. TICHIT-WUCHER, R. LERISSEL, JM. GARNIER<\/p>\n<p>\u00a0<\/p>\n<p><strong>CMJ<\/strong> (Conseil Municipal des Jeunes)<\/p>\n<p>R\u00e9f\u00e9rente\u00a0: Ga\u00eblle COUBLE<\/p>\n<p>Membres : S. MAGNARD, R. MAYNARD, J-Marc DURDILLY<\/p>\n<p>\u00a0<\/p>\n<h2><b>Centre Communal d\u2019Action Sociale (CCAS)<\/b><\/h2>\n<table style=\"height: 475px;\" width=\"492\">\n<tbody>\n<tr>\n<td width=\"350\">\n<p><strong>CCAS<\/strong><\/p>\n<\/td>\n<\/tr>\n<tr>\n<td width=\"350\">\n<p>R\u00e9f\u00e9rente\u00a0: Christine GALILEI<\/p>\n<\/td>\n<\/tr>\n<tr>\n<td width=\"350\">\n<p>Membres\u00a0: S. VIGNON, S. MAGNARD,<\/p>\n<\/td>\n<\/tr>\n<tr>\n<td width=\"350\">\n<p>G. LOYEZ, J-Marc DURDILLY, C. MOUCAUD<\/p>\n<\/td>\n<\/tr>\n<tr>\n<td width=\"350\">\n<p>B. \u00a0BOURBON, E. RONZON, A. FORAY<\/p>\n<\/td>\n<\/tr>\n<\/tbody>\n<\/table>\n<h2>\u00a0<\/h2>\n<h2><b>Communaut\u00e9 d&rsquo;agglom\u00e9ration de l&rsquo;Ouest Rhodanien <a href=\"http:\/\/www.ouestrhodanien.fr\/\">(COR)<\/a><\/b><\/h2>\n<p><span style=\"text-decoration: underline;\">D\u00e9l\u00e9gu\u00e9s : <\/span><\/p>\n<p>Titulaires\u00a0: Christine GALILEI<\/p>\n<p>Suppl\u00e9ants\u00a0: Ren\u00e9 SALEMBIER<\/p>\n<h2><b>Autres repr\u00e9sentations <\/b><\/h2>\n<p><span style=\"text-decoration: underline;\">En relation avec le CCAS &#8211; Repr\u00e9sentante \u00e0\u00a0<span style=\"text-decoration: underline;\"><a href=\"http:\/\/lapasserelle-assoc.fr\/\">la Passerelle :<\/a><\/span><\/span><\/p>\n<p>Titulaire :\u00a0 \/ Suppl\u00e9ant: Marc DUCROS<\/p>\n<p><span style=\"text-decoration: underline;\">Repr\u00e9sentants aupr\u00e8s de l&rsquo;\u00e9picerie sociale : <br \/><\/span><\/p>\n<p>Titukaire: Jean-Marc DURDILLY \/ Suppl\u00e9ante: Sophie MAGNARD<\/p>\n<p><span style=\"text-decoration: underline;\">Correspondants responsables de la d\u00e9fense :<\/span><\/p>\n<p><span style=\"text-decoration: underline;\">Syndicat d\u00e9partemental des \u00e9nergies du Rh\u00f4ne <a href=\"http:\/\/www.syder.fr\/\">(SYDER)<\/a> et Gestion de l&rsquo;\u00e9clairage public <\/span><\/p>\n<p>Titulaire : St\u00e9phane CORGIER \/ Suppl\u00e9ant : Romain MAYNARD<\/p>\n<p><span style=\"text-decoration: underline;\">Syndicat des eaux Rh\u00f4ne-Loire-Nord <a href=\"http:\/\/www.sdei.tm.fr\/distribution-eau-70.html\">( SDEI )<\/a> <\/span><\/p>\n<p>Titulaire et membre du Bureau : Jean-Fran\u00e7ois LACROIX\u00a0\u00a0\u00a0\u00a0\u00a0\u00a0\u00a0\u00a0\u00a0\u00a0 Suppl\u00e9ant\u00a0:\u00a0Jean-Michel GARNIER<\/p>\n\n\n<p><\/p>\n","protected":false},"excerpt":{"rendered":"<p>\u00a0 Constitution des Commissions Municipales\u00a0 Madame le maire Christine GALILEI est membre de droit de toutes les commissions. B\u00c2TIMENT\u00a0\u00a0\u00a0\u00a0\u00a0\u00a0\u00a0\u00a0\u00a0\u00a0\u00a0 R\u00e9f\u00e9rent\u00a0: St\u00e9phane CORGIER Membres : R. LERISSEL, J-Michel GARNIER, S. VIGNON, J-Fran\u00e7ois LACROIX \u00a0 FINANCES R\u00e9f\u00e9rent\u00a0: Marc DUCROS Membres : R. MAYNARD, J-Michel GARNIER, J-Fran\u00e7ois LACROIX \u00a0 VOIRIE R\u00e9f\u00e9rent\u00a0: Ren\u00e9 SALEMBIER Membres\u00a0: J-Marc DURDILLY, S. VIGNON, [&hellip;]<\/p>\n","protected":false},"author":1,"featured_media":0,"parent":2,"menu_order":1,"comment_status":"open","ping_status":"open","template":"page-templates\/front-page.php","meta":{"_bbp_topic_count":0,"_bbp_reply_count":0,"_bbp_total_topic_count":0,"_bbp_total_reply_count":0,"_bbp_voice_count":0,"_bbp_anonymous_reply_count":0,"_bbp_topic_count_hidden":0,"_bbp_reply_count_hidden":0,"_bbp_forum_subforum_count":0},"_links":{"self":[{"href":"http:\/\/www.stjustdavray.fr\/V2\/wp-json\/wp\/v2\/pages\/14"}],"collection":[{"href":"http:\/\/www.stjustdavray.fr\/V2\/wp-json\/wp\/v2\/pages"}],"about":[{"href":"http:\/\/www.stjustdavray.fr\/V2\/wp-json\/wp\/v2\/types\/page"}],"author":[{"embeddable":true,"href":"http:\/\/www.stjustdavray.fr\/V2\/wp-json\/wp\/v2\/users\/1"}],"replies":[{"embeddable":true,"href":"http:\/\/www.stjustdavray.fr\/V2\/wp-json\/wp\/v2\/comments?post=14"}],"version-history":[{"count":102,"href":"http:\/\/www.stjustdavray.fr\/V2\/wp-json\/wp\/v2\/pages\/14\/revisions"}],"predecessor-version":[{"id":6480,"href":"http:\/\/www.stjustdavray.fr\/V2\/wp-json\/wp\/v2\/pages\/14\/revisions\/6480"}],"up":[{"embeddable":true,"href":"http:\/\/www.stjustdavray.fr\/V2\/wp-json\/wp\/v2\/pages\/2"}],"wp:attachment":[{"href":"http:\/\/www.stjustdavray.fr\/V2\/wp-json\/wp\/v2\/media?parent=14"}],"curies":[{"name":"wp","href":"https:\/\/api.w.org\/{rel}","templated":true}]}}