{"id":253,"date":"2015-10-31T15:03:41","date_gmt":"2015-10-31T14:03:41","guid":{"rendered":"http:\/\/www.stjustdavray.fr\/V2\/?page_id=253"},"modified":"2026-03-04T14:57:51","modified_gmt":"2026-03-04T13:57:51","slug":"1-les-amis-de-saint-just","status":"publish","type":"page","link":"http:\/\/www.stjustdavray.fr\/V2\/vie-communale\/1-les-associations\/1-les-amis-de-saint-just\/","title":{"rendered":"Amis de Saint Just"},"content":{"rendered":"\n<h3 class=\"has-text-align-center has-vivid-cyan-blue-color has-text-color\">Pr\u00e9sident: VINCENT CAHEN &#8211; 06 09 51 69 01 <\/h3>\n\n\n\n<p class=\"has-text-align-center has-medium-font-size\">vincentcahen01@gmail.com<\/p>\n\n\n\n<h2 class=\"has-text-align-center\">IMPORTANT!<\/h2>\n\n\n\n<h2 class=\"has-text-align-center has-vivid-purple-color has-text-color\"><strong>LOCATION DE MAT\u00c9RIEL<\/strong><\/h2>\n\n\n\n<h2 class=\"has-text-align-center\">*<strong>VAISSELLE<\/strong><\/h2>\n\n\n\n<p class=\"has-text-align-center has-medium-font-size\">-Au moins 15 jours avant l\u2019\u00e9v\u00e9nement, laissez un message au<\/p>\n\n\n\n<h2 class=\"has-text-align-center has-luminous-vivid-orange-color has-text-color\"><strong><strong>06 24 05 43 63<\/strong> (num\u00e9ro unique),<\/strong><\/h2>\n\n\n\n<p class=\"has-text-align-center has-medium-font-size\">&#8211; On vous recontacte,<\/p>\n\n\n\n<p class=\"has-text-align-center has-medium-font-size\">-Imprimez et compl\u00e9tez le listing de la vaisselle et\/ou du mat\u00e9riel disponible plus bas:<\/p>\n\n\n\n<p class=\"has-text-align-center has-pale-pink-background-color has-background has-large-font-size\">LISTE DU MAT\u00c9RIEL EN LOCATION <\/p>\n\n\n<div class=\"wp-block-image\">\n<figure class=\"aligncenter size-full is-resized\"><a href=\"http:\/\/www.stjustdavray.fr\/V2\/wp-content\/uploads\/2026\/03\/tarifs-vaisselle-ASJ-2025.png\"><img decoding=\"async\" loading=\"lazy\" src=\"http:\/\/www.stjustdavray.fr\/V2\/wp-content\/uploads\/2026\/03\/tarifs-vaisselle-ASJ-2025.png\" alt=\"\" class=\"wp-image-6780\" width=\"781\" height=\"1113\" srcset=\"http:\/\/www.stjustdavray.fr\/V2\/wp-content\/uploads\/2026\/03\/tarifs-vaisselle-ASJ-2025.png 534w, http:\/\/www.stjustdavray.fr\/V2\/wp-content\/uploads\/2026\/03\/tarifs-vaisselle-ASJ-2025-211x300.png 211w, http:\/\/www.stjustdavray.fr\/V2\/wp-content\/uploads\/2026\/03\/tarifs-vaisselle-ASJ-2025-300x428.png 300w\" sizes=\"(max-width: 781px) 100vw, 781px\" \/><\/a><\/figure><\/div>\n\n\n<p>DOCUMENT A T\u00c9L\u00c9CHARGER ET IMPRIMER CI-DESSOUS:<\/p>\n\n\n\n<div class=\"wp-block-file\"><object class=\"wp-block-file__embed\" data=\"http:\/\/www.stjustdavray.fr\/V2\/wp-content\/uploads\/2026\/03\/nouvea-tarif-vaisselle-et-materiel-01-01-24-pdf-1.pdf\" type=\"application\/pdf\" style=\"width:100%;height:600px\" aria-label=\"Contenu embarqu\u00e9 nouvea-tarif-vaisselle-et-materiel-01-01-24-pdf-1.\"><\/object><a id=\"wp-block-file--media-9e125ebd-6ccc-4641-9b64-3f201ea59d20\" href=\"http:\/\/www.stjustdavray.fr\/V2\/wp-content\/uploads\/2026\/03\/nouvea-tarif-vaisselle-et-materiel-01-01-24-pdf-1.pdf\">nouvea-tarif-vaisselle-et-materiel-01-01-24-pdf-1<\/a><a href=\"http:\/\/www.stjustdavray.fr\/V2\/wp-content\/uploads\/2026\/03\/nouvea-tarif-vaisselle-et-materiel-01-01-24-pdf-1.pdf\" class=\"wp-block-file__button wp-element-button\" download aria-describedby=\"wp-block-file--media-9e125ebd-6ccc-4641-9b64-3f201ea59d20\">T\u00e9l\u00e9charger<\/a><\/div>\n\n\n\n<h2 class=\"has-text-align-center\">*<strong>MAT\u00c9RIEL ET CHAPITEAUX<\/strong><\/h2>\n\n\n\n<h4 class=\"has-text-align-center\">-Contactez Christophe RONZON <\/h4>\n\n\n\n<h2 class=\"has-text-align-center has-vivid-green-cyan-color has-text-color\"><strong>06 38 88 39 35<\/strong><\/h2>\n\n\n\n<p><\/p>\n","protected":false},"excerpt":{"rendered":"<p>Pr\u00e9sident: VINCENT CAHEN &#8211; 06 09 51 69 01 vincentcahen01@gmail.com IMPORTANT! LOCATION DE MAT\u00c9RIEL *VAISSELLE -Au moins 15 jours avant l\u2019\u00e9v\u00e9nement, laissez un message au 06 24 05 43 63 (num\u00e9ro unique), &#8211; On vous recontacte, -Imprimez et compl\u00e9tez le listing de la vaisselle et\/ou du mat\u00e9riel disponible plus bas: LISTE DU MAT\u00c9RIEL EN LOCATION [&hellip;]<\/p>\n","protected":false},"author":1,"featured_media":960,"parent":250,"menu_order":3,"comment_status":"open","ping_status":"open","template":"page-templates\/front-page.php","meta":{"_bbp_topic_count":0,"_bbp_reply_count":0,"_bbp_total_topic_count":0,"_bbp_total_reply_count":0,"_bbp_voice_count":0,"_bbp_anonymous_reply_count":0,"_bbp_topic_count_hidden":0,"_bbp_reply_count_hidden":0,"_bbp_forum_subforum_count":0},"_links":{"self":[{"href":"http:\/\/www.stjustdavray.fr\/V2\/wp-json\/wp\/v2\/pages\/253"}],"collection":[{"href":"http:\/\/www.stjustdavray.fr\/V2\/wp-json\/wp\/v2\/pages"}],"about":[{"href":"http:\/\/www.stjustdavray.fr\/V2\/wp-json\/wp\/v2\/types\/page"}],"author":[{"embeddable":true,"href":"http:\/\/www.stjustdavray.fr\/V2\/wp-json\/wp\/v2\/users\/1"}],"replies":[{"embeddable":true,"href":"http:\/\/www.stjustdavray.fr\/V2\/wp-json\/wp\/v2\/comments?post=253"}],"version-history":[{"count":36,"href":"http:\/\/www.stjustdavray.fr\/V2\/wp-json\/wp\/v2\/pages\/253\/revisions"}],"predecessor-version":[{"id":6783,"href":"http:\/\/www.stjustdavray.fr\/V2\/wp-json\/wp\/v2\/pages\/253\/revisions\/6783"}],"up":[{"embeddable":true,"href":"http:\/\/www.stjustdavray.fr\/V2\/wp-json\/wp\/v2\/pages\/250"}],"wp:featuredmedia":[{"embeddable":true,"href":"http:\/\/www.stjustdavray.fr\/V2\/wp-json\/wp\/v2\/media\/960"}],"wp:attachment":[{"href":"http:\/\/www.stjustdavray.fr\/V2\/wp-json\/wp\/v2\/media?parent=253"}],"curies":[{"name":"wp","href":"https:\/\/api.w.org\/{rel}","templated":true}]}}