{"id":4443,"date":"2020-01-10T08:58:08","date_gmt":"2020-01-10T07:58:08","guid":{"rendered":"http:\/\/www.stjustdavray.fr\/V2\/?page_id=4443"},"modified":"2025-05-10T15:29:02","modified_gmt":"2025-05-10T13:29:02","slug":"o-ptits-moufflets-de-la-vallee","status":"publish","type":"page","link":"http:\/\/www.stjustdavray.fr\/V2\/vie-communale\/1-les-associations\/o-ptits-moufflets-de-la-vallee\/","title":{"rendered":"\u00d4 P\u2019tits Moufflets De La Vall\u00e9e"},"content":{"rendered":"\n<p class=\"has-medium-font-size\">Notre association a \u00e9t\u00e9 cr\u00e9\u00e9e en 2017 pour assurer la gestion administrative, financi\u00e8re et morale de notre maison d&rsquo;assistantes maternelles, dirig\u00e9e par 4 assistantes maternelles agr\u00e9\u00e9es, avec une capacit\u00e9 d&rsquo;accueil de 16 enfants \u00e2g\u00e9s de 3 mois \u00e0 6 ans. <\/p>\n\n\n\n<p class=\"has-medium-font-size\">Nous proposons des activit\u00e9s d&rsquo;\u00e9veil vari\u00e9es et adapt\u00e9es au rythme de chacun, en petits groupes, des sorties; tout en assurant un suivi individualis\u00e9 dans un lieu chaleureux enti\u00e8rement am\u00e9nag\u00e9 pour vos enfants.<\/p>\n\n\n\n<p class=\"has-text-align-center has-medium-font-size\">N&rsquo;h\u00e9sitez pas \u00e0 nous suivre et nous contacter sur notre page Facebook : https:\/\/www.facebook.com<\/p>\n\n\n\n<p class=\"has-text-align-center has-pale-pink-background-color has-background has-large-font-size\"><a href=\"https:\/\/www.facebook.com\/optitsmouffletsdelavallee\/\">https:\/\/www.facebook.com\/optitsmouffletsdelavallee\/<\/a><\/p>\n\n\n\n<p class=\"has-large-font-size\">Adresse et contact: <\/p>\n\n\n\n<p class=\"has-text-align-center has-large-font-size\">111, chemin des \u00e9rables <\/p>\n\n\n\n<p class=\"has-text-align-center has-large-font-size\">69870 St Just d&rsquo;Avray<\/p>\n\n\n\n<p class=\"has-text-align-center has-large-font-size\">06 22 45 26 70 <\/p>\n\n\n\n<p class=\"has-text-align-center has-large-font-size\"><\/p>\n","protected":false},"excerpt":{"rendered":"<p>Notre association a \u00e9t\u00e9 cr\u00e9\u00e9e en 2017 pour assurer la gestion administrative, financi\u00e8re et morale de notre maison d&rsquo;assistantes maternelles, dirig\u00e9e par 4 assistantes maternelles agr\u00e9\u00e9es, avec une capacit\u00e9 d&rsquo;accueil de 16 enfants \u00e2g\u00e9s de 3 mois \u00e0 6 ans. Nous proposons des activit\u00e9s d&rsquo;\u00e9veil vari\u00e9es et adapt\u00e9es au rythme de chacun, en petits groupes, [&hellip;]<\/p>\n","protected":false},"author":1,"featured_media":4752,"parent":250,"menu_order":14,"comment_status":"closed","ping_status":"closed","template":"page-templates\/front-page.php","meta":{"_bbp_topic_count":0,"_bbp_reply_count":0,"_bbp_total_topic_count":0,"_bbp_total_reply_count":0,"_bbp_voice_count":0,"_bbp_anonymous_reply_count":0,"_bbp_topic_count_hidden":0,"_bbp_reply_count_hidden":0,"_bbp_forum_subforum_count":0},"_links":{"self":[{"href":"http:\/\/www.stjustdavray.fr\/V2\/wp-json\/wp\/v2\/pages\/4443"}],"collection":[{"href":"http:\/\/www.stjustdavray.fr\/V2\/wp-json\/wp\/v2\/pages"}],"about":[{"href":"http:\/\/www.stjustdavray.fr\/V2\/wp-json\/wp\/v2\/types\/page"}],"author":[{"embeddable":true,"href":"http:\/\/www.stjustdavray.fr\/V2\/wp-json\/wp\/v2\/users\/1"}],"replies":[{"embeddable":true,"href":"http:\/\/www.stjustdavray.fr\/V2\/wp-json\/wp\/v2\/comments?post=4443"}],"version-history":[{"count":5,"href":"http:\/\/www.stjustdavray.fr\/V2\/wp-json\/wp\/v2\/pages\/4443\/revisions"}],"predecessor-version":[{"id":6625,"href":"http:\/\/www.stjustdavray.fr\/V2\/wp-json\/wp\/v2\/pages\/4443\/revisions\/6625"}],"up":[{"embeddable":true,"href":"http:\/\/www.stjustdavray.fr\/V2\/wp-json\/wp\/v2\/pages\/250"}],"wp:featuredmedia":[{"embeddable":true,"href":"http:\/\/www.stjustdavray.fr\/V2\/wp-json\/wp\/v2\/media\/4752"}],"wp:attachment":[{"href":"http:\/\/www.stjustdavray.fr\/V2\/wp-json\/wp\/v2\/media?parent=4443"}],"curies":[{"name":"wp","href":"https:\/\/api.w.org\/{rel}","templated":true}]}}